{"id":27859,"date":"2020-09-03T09:59:55","date_gmt":"2020-09-03T09:59:55","guid":{"rendered":"https:\/\/fennecmotors.com\/listing\/c5-aircross\/"},"modified":"2025-12-24T20:27:32","modified_gmt":"2025-12-24T20:27:32","slug":"c5-aircross","status":"publish","type":"vehica_car","link":"https:\/\/fennecmotors.com\/fr\/listing\/c5-aircross\/","title":{"rendered":"Citro\u00ebn C5 Aircross 2025"},"content":{"rendered":"<h2 data-start=\"352\" data-end=\"413\">\ud83d\ude97 <strong data-start=\"358\" data-end=\"413\">Citro\u00ebn C5 Aircross 2025 \u2013 \u00c9l\u00e9gance et confort europ\u00e9ens<\/strong><\/h2>\n<h3 data-start=\"415\" data-end=\"483\">Les voitures fran\u00e7aises : un choix id\u00e9al pour l&rsquo;exportation des \u00c9mirats arabes unis vers l&rsquo;Alg\u00e9rie<\/h3>\n<hr data-start=\"485\" data-end=\"488\" \/>\n<h2 data-start=\"490\" data-end=\"524\">\u2699\ufe0f <strong data-start=\"496\" data-end=\"524\">Sp\u00e9cifications techniques compl\u00e8tes<\/strong><\/h2>\n<div class=\"_tableContainer_1rjym_1\">\n<div class=\"group _tableWrapper_1rjym_13 flex w-fit flex-col-reverse\" tabindex=\"-1\">\n<table class=\"w-fit min-w-(--thread-content-width)\" data-start=\"526\" data-end=\"1047\">\n<thead data-start=\"526\" data-end=\"546\">\n<tr data-start=\"526\" data-end=\"546\">\n<th data-start=\"526\" data-end=\"534\" data-col-size=\"sm\">Article<\/th>\n<th data-start=\"534\" data-end=\"546\" data-col-size=\"sm\">D\u00e9tails<\/th>\n<\/tr>\n<\/thead>\n<tbody data-start=\"567\" data-end=\"1047\">\n<tr data-start=\"567\" data-end=\"623\">\n<td data-start=\"567\" data-end=\"580\" data-col-size=\"sm\">Type de moteur<\/td>\n<td data-start=\"580\" data-end=\"623\" data-col-size=\"sm\">1,6 litre avec compresseur \u2013 quatre cylindres<\/td>\n<\/tr>\n<tr data-start=\"624\" data-end=\"678\">\n<td data-start=\"624\" data-end=\"641\" data-col-size=\"sm\">Puissance<\/td>\n<td data-start=\"641\" data-end=\"678\" data-col-size=\"sm\">165 chevaux \u00e0 6 000 tr\/min<\/td>\n<\/tr>\n<tr data-start=\"679\" data-end=\"733\">\n<td data-start=\"679\" data-end=\"691\" data-col-size=\"sm\">Force de d\u00e9termination<\/td>\n<td data-start=\"691\" data-end=\"733\" data-col-size=\"sm\">240 Newton m\u00e8tres \u00e0 1400 tr\/min<\/td>\n<\/tr>\n<tr data-start=\"734\" data-end=\"776\">\n<td data-start=\"734\" data-end=\"752\" data-col-size=\"sm\">Transmission type<\/td>\n<td data-start=\"752\" data-end=\"776\" data-col-size=\"sm\">Automatique \u00e0 6 vitesses<\/td>\n<\/tr>\n<tr data-start=\"777\" data-end=\"812\">\n<td data-start=\"777\" data-end=\"790\" data-col-size=\"sm\">Syst\u00e8me de paiement<\/td>\n<td data-start=\"790\" data-end=\"812\" data-col-size=\"sm\">Traction avant (deux roues)<\/td>\n<\/tr>\n<tr data-start=\"813\" data-end=\"860\">\n<td data-start=\"813\" data-end=\"835\" data-col-size=\"sm\">Taux de consommation de carburant<\/td>\n<td data-start=\"835\" data-end=\"860\" data-col-size=\"sm\">14,1 kilogrammes par litre<\/td>\n<\/tr>\n<tr data-start=\"861\" data-end=\"891\">\n<td data-start=\"861\" data-end=\"879\" data-col-size=\"sm\">Capacit\u00e9 du r\u00e9servoir de carburant<\/td>\n<td data-start=\"879\" data-end=\"891\" data-col-size=\"sm\">53 litres<\/td>\n<\/tr>\n<tr data-start=\"892\" data-end=\"917\">\n<td data-start=\"892\" data-end=\"906\" data-col-size=\"sm\">Nombre de portes<\/td>\n<td data-start=\"906\" data-end=\"917\" data-col-size=\"sm\">5 portes<\/td>\n<\/tr>\n<tr data-start=\"918\" data-end=\"963\">\n<td data-start=\"918\" data-end=\"938\" data-col-size=\"sm\">Capacit\u00e9 du coffre \u00e0 bagages<\/td>\n<td data-start=\"938\" data-end=\"963\" data-col-size=\"sm\">De 580 \u00e0 1630 litres<\/td>\n<\/tr>\n<tr data-start=\"964\" data-end=\"1013\">\n<td data-start=\"964\" data-end=\"987\" data-col-size=\"sm\">Dimensions (L \u00d7 W \u00d7 H)<\/td>\n<td data-start=\"987\" data-end=\"1013\" data-col-size=\"sm\">4500 \u00d7 2099 \u00d7 1695 mm<\/td>\n<\/tr>\n<tr data-start=\"1014\" data-end=\"1047\">\n<td data-start=\"1014\" data-end=\"1028\" data-col-size=\"sm\">Poids total<\/td>\n<td data-start=\"1028\" data-end=\"1047\" data-col-size=\"sm\">1 980 kilogrammes<\/td>\n<\/tr>\n<\/tbody>\n<\/table>\n<\/div>\n<\/div>\n<hr data-start=\"1049\" data-end=\"1052\" \/>\n<h2 data-start=\"1054\" data-end=\"1086\">\ud83d\udee1\ufe0f <strong data-start=\"1061\" data-end=\"1086\">Syst\u00e8mes de protection et de s\u00e9curit\u00e9<\/strong><\/h2>\n<ul data-start=\"1088\" data-end=\"1395\">\n<li data-start=\"1088\" data-end=\"1132\">\n<p data-start=\"1090\" data-end=\"1132\">Airbags frontaux et lat\u00e9raux pour le conducteur et le passager<\/p>\n<\/li>\n<li data-start=\"1133\" data-end=\"1170\">\n<p data-start=\"1135\" data-end=\"1170\">Syst\u00e8me d&rsquo;assistance au freinage d&rsquo;urgence<\/p>\n<\/li>\n<li data-start=\"1171\" data-end=\"1204\">\n<p data-start=\"1173\" data-end=\"1204\">Syst\u00e8me d&rsquo;alerte de franchissement de ligne<\/p>\n<\/li>\n<li data-start=\"1205\" data-end=\"1239\">\n<p data-start=\"1207\" data-end=\"1239\">Alerter le conducteur lorsqu&rsquo;il se sent fatigu\u00e9<\/p>\n<\/li>\n<li data-start=\"1240\" data-end=\"1270\">\n<p data-start=\"1242\" data-end=\"1270\">Syst\u00e8me de reconnaissance rapide des plaques d&rsquo;immatriculation<\/p>\n<\/li>\n<li data-start=\"1271\" data-end=\"1309\">\n<p data-start=\"1273\" data-end=\"1309\">Capteurs avant et arri\u00e8re avec cam\u00e9ra arri\u00e8re<\/p>\n<\/li>\n<li data-start=\"1310\" data-end=\"1339\">\n<p data-start=\"1312\" data-end=\"1339\">Syst\u00e8me d&rsquo;acc\u00e8s et de d\u00e9marrage sans cl\u00e9<\/p>\n<\/li>\n<li data-start=\"1340\" data-end=\"1395\">\n<p data-start=\"1342\" data-end=\"1395\">Syst\u00e8mes antid\u00e9rapants, r\u00e9partition de la force de freinage et contr\u00f4le de la stabilit\u00e9<\/p>\n<\/li>\n<\/ul>\n<hr data-start=\"1397\" data-end=\"1400\" \/>\n<h2 data-start=\"1402\" data-end=\"1440\">\ud83d\udcba <strong data-start=\"1408\" data-end=\"1440\">Confort et \u00e9quipements \u2013 Forfait Phil<\/strong><\/h2>\n<ul data-start=\"1442\" data-end=\"1766\">\n<li data-start=\"1442\" data-end=\"1483\">\n<p data-start=\"1444\" data-end=\"1483\">Toit panoramique en verre \u00e0 ouverture \u00e9lectrique<\/p>\n<\/li>\n<li data-start=\"1484\" data-end=\"1521\">\n<p data-start=\"1486\" data-end=\"1521\">\u00c9clairage int\u00e9rieur avec technologie \u00e0 lumi\u00e8re blanche<\/p>\n<\/li>\n<li data-start=\"1522\" data-end=\"1567\">\n<p data-start=\"1524\" data-end=\"1567\">Jantes en aluminium de 18 pouces au design distinctif<\/p>\n<\/li>\n<li data-start=\"1568\" data-end=\"1634\">\n<p data-start=\"1570\" data-end=\"1634\">R\u00e9troviseurs ext\u00e9rieurs rabattables \u00e9lectriquement et r\u00e9glables avec syst\u00e8me d&rsquo;angle mort<\/p>\n<\/li>\n<li data-start=\"1635\" data-end=\"1684\">\n<p data-start=\"1637\" data-end=\"1684\">Ouvrez la porte arri\u00e8re sans la toucher \u00e0 l&rsquo;aide du capteur inf\u00e9rieur.<\/p>\n<\/li>\n<li data-start=\"1685\" data-end=\"1714\">\n<p data-start=\"1687\" data-end=\"1714\">Aide aux man\u0153uvres d&rsquo;angle avant et arri\u00e8re<\/p>\n<\/li>\n<li data-start=\"1715\" data-end=\"1743\">\n<p data-start=\"1717\" data-end=\"1743\">D\u00e9marrez le moteur \u00e0 l&rsquo;aide d&rsquo;un bouton de d\u00e9marrage intelligent.<\/p>\n<\/li>\n<li data-start=\"1744\" data-end=\"1766\">\n<p data-start=\"1746\" data-end=\"1766\">Syst\u00e8me d&rsquo;acc\u00e8s sans cl\u00e9<\/p>\n<\/li>\n<\/ul>\n<hr data-start=\"1768\" data-end=\"1771\" \/>\n<h2 data-start=\"1773\" data-end=\"1808\">\ud83c\udf1f <strong data-start=\"1779\" data-end=\"1808\">Pack Shin \u2013 \u00c9quipement complet<\/strong><\/h2>\n<ul data-start=\"1810\" data-end=\"2125\">\n<li data-start=\"1810\" data-end=\"1869\">\n<p data-start=\"1812\" data-end=\"1869\">Syst\u00e8me avanc\u00e9 de contr\u00f4le de la stabilit\u00e9 hors route avec 5 modes de conduite<\/p>\n<\/li>\n<li data-start=\"1870\" data-end=\"1901\">\n<p data-start=\"1872\" data-end=\"1901\">Si\u00e8ges luxueux en cuir v\u00e9ritable<\/p>\n<\/li>\n<li data-start=\"1902\" data-end=\"1959\">\n<p data-start=\"1904\" data-end=\"1959\">Si\u00e8ge conducteur \u00e0 r\u00e9glage \u00e9lectrique avec m\u00e9moire et soutien lombaire<\/p>\n<\/li>\n<li data-start=\"1960\" data-end=\"2014\">\n<p data-start=\"1962\" data-end=\"2014\">Grand \u00e9cran tactile avec guidage vocal et syst\u00e8me de navigation<\/p>\n<\/li>\n<li data-start=\"2015\" data-end=\"2067\">\n<p data-start=\"2017\" data-end=\"2067\">Fonction massage dans les si\u00e8ges avant avec chauffage<\/p>\n<\/li>\n<li data-start=\"2068\" data-end=\"2125\">\n<p data-start=\"2070\" data-end=\"2125\">Design ext\u00e9rieur bicolore (couleur principale avec accents noir brillant)<\/p>\n<\/li>\n<\/ul>\n<hr data-start=\"2127\" data-end=\"2130\" \/>\n<h2 data-start=\"2132\" data-end=\"2159\">\ud83c\udfa8 <strong data-start=\"2138\" data-end=\"2159\">Couleurs disponibles :<\/strong><\/h2>\n<ul data-start=\"2161\" data-end=\"2203\">\n<li data-start=\"2161\" data-end=\"2173\">\n<p data-start=\"2163\" data-end=\"2173\">Noir perle<\/p>\n<\/li>\n<li data-start=\"2174\" data-end=\"2189\">\n<p data-start=\"2176\" data-end=\"2189\">Gris platine<\/p>\n<\/li>\n<li data-start=\"2190\" data-end=\"2203\">\n<p data-start=\"2192\" data-end=\"2203\">Gris m\u00e9tallis\u00e9<\/p>\n<\/li>\n<\/ul>\n<hr data-start=\"2205\" data-end=\"2208\" \/>\n<h2 data-start=\"2210\" data-end=\"2246\">\u2708\ufe0f <a href=\"https:\/\/fennecmotors.com\/fr\/\"><strong data-start=\"2216\" data-end=\"2246\">Id\u00e9al pour l&rsquo;exportation vers l&rsquo;Alg\u00e9rie<\/strong><\/a><\/h2>\n<ul data-start=\"2248\" data-end=\"2379\">\n<li data-start=\"2248\" data-end=\"2286\">\n<p data-start=\"2250\" data-end=\"2286\">Pr\u00eat avec tous les documents requis pour l&rsquo;exportation<\/p>\n<\/li>\n<li data-start=\"2287\" data-end=\"2340\">\n<p data-start=\"2289\" data-end=\"2340\">Possibilit\u00e9 de fournir des services d&rsquo;exp\u00e9dition vers les ports d&rsquo;Alger ou d&rsquo;Oran<\/p>\n<\/li>\n<li data-start=\"2341\" data-end=\"2379\">\n<p data-start=\"2343\" data-end=\"2379\">Prix comp\u00e9titifs par rapport aux march\u00e9s locaux<\/p>\n<\/li>\n<\/ul>\n<hr data-start=\"2381\" data-end=\"2384\" \/>\n<p data-start=\"2386\" data-end=\"2509\">\ud83d\udce6 <strong data-start=\"2437\" data-end=\"2500\">Souhaitez-vous r\u00e9server une voiture ou demander un devis incluant l&rsquo;exp\u00e9dition vers l&rsquo;Alg\u00e9rie ?<\/strong><br \/>\n\ud83d\udcde Contactez-nous d\u00e8s maintenant ou envoyez votre demande via \u00a0 \u00a0+971502560336<\/p>\n","protected":false},"author":2,"featured_media":27735,"template":"","vehica_6654":[2596],"vehica_6655":[2599],"vehica_6659":[2673],"vehica_6660":[2758],"vehica_6657":[2770],"vehica_6661":[2786],"vehica_6662":[2796],"vehica_6663":[2815],"vehica_12974":[2826],"vehica_6666":[3111],"vehica_12770":[2867],"vehica_6670":[2884,2887,2883,2886,2882,3086,2891,2888],"vehica_12723":[2971,2914,3041,2919,2922,3084,2972,2916,2973],"class_list":["post-27859","vehica_car","type-vehica_car","status-publish","has-post-thumbnail","hentry","vehica_6654-nouveau","vehica_6655-coupe","vehica_6659-citroen","vehica_6660-modele-2025","vehica_6657-a-vendre","vehica_6661-fwd","vehica_6662-automatique","vehica_6663-essence","vehica_12974-4-cylinder","vehica_6666-grey","vehica_12770-4-portes","vehica_6670-sans-cle","vehica_6670-siege-a-memoire","vehica_6670-sieges-chauffants","vehica_6670-sieges-en-cuir","vehica_6670-sieges-refroidis","vehica_6670-sound-system","vehica_6670-systeme-audio","vehica_6670-systeme-de-navigation","vehica_12723-moniteur-a-vision-panoramique","vehica_12723-phares-adaptatifs","vehica_12723-rear-parking-sensors","vehica_12723-regulateur-de-vitesse","vehica_12723-repartition-electronique-de-la-force-de-freinage","vehica_12723-surround-view-monitor","vehica_12723-surveillance-de-la-pression-des-pneus","vehica_12723-surveillance-des-angles-morts","vehica_12723-systeme-antipatinage"],"vehica_6656":{"vehica_currency_6656_2316":""},"vehica_14696":"","vehica_6664":"","vehica_6665":"","vehica_6671":"","vehica_6673":["https:\/\/fennecmotors.com\/wp-content\/uploads\/2020\/09\/WhatsApp-Image-2025-10-14-at-14.35.08_4cbc6ba7.jpg","https:\/\/fennecmotors.com\/wp-content\/uploads\/2020\/09\/WhatsApp-Image-2025-10-14-at-14.35.08_4cbc6ba7-1.jpg","https:\/\/fennecmotors.com\/wp-content\/uploads\/2020\/09\/WhatsApp-Image-2025-10-14-at-14.35.08_1076a956.jpg","https:\/\/fennecmotors.com\/wp-content\/uploads\/2020\/09\/WhatsApp-Image-2025-10-14-at-14.35.08_c2f963d4.jpg","https:\/\/fennecmotors.com\/wp-content\/uploads\/2020\/09\/WhatsApp-Image-2025-10-14-at-14.35.06_4ae7cf89.jpg","https:\/\/fennecmotors.com\/wp-content\/uploads\/2020\/09\/WhatsApp-Image-2025-10-14-at-14.35.03_40fba093.jpg","https:\/\/fennecmotors.com\/wp-content\/uploads\/2020\/09\/WhatsApp-Image-2025-10-14-at-14.35.00_26805724.jpg","https:\/\/fennecmotors.com\/wp-content\/uploads\/2020\/09\/WhatsApp-Image-2025-10-14-at-14.35.01_5f51ef65.jpg","https:\/\/fennecmotors.com\/wp-content\/uploads\/2020\/09\/WhatsApp-Image-2025-10-14-at-14.35.02_94f4ab38.jpg","https:\/\/fennecmotors.com\/wp-content\/uploads\/2020\/09\/WhatsApp-Image-2025-10-14-at-14.35.03_33434e1f.jpg","https:\/\/fennecmotors.com\/wp-content\/uploads\/2020\/09\/WhatsApp-Image-2025-10-14-at-14.35.01_9893d637.jpg","https:\/\/fennecmotors.com\/wp-content\/uploads\/2020\/09\/WhatsApp-Image-2025-10-14-at-14.35.02_30d12047.jpg","https:\/\/fennecmotors.com\/wp-content\/uploads\/2020\/09\/WhatsApp-Image-2025-10-14-at-14.34.59_471ae71d.jpg","https:\/\/fennecmotors.com\/wp-content\/uploads\/2020\/09\/WhatsApp-Image-2025-10-14-at-14.34.59_f047b295.jpg","https:\/\/fennecmotors.com\/wp-content\/uploads\/2020\/09\/WhatsApp-Image-2025-10-14-at-14.35.00_a5d92c19.jpg","https:\/\/fennecmotors.com\/wp-content\/uploads\/2020\/09\/WhatsApp-Image-2025-10-14-at-14.34.59_13d5171e.jpg","https:\/\/fennecmotors.com\/wp-content\/uploads\/2020\/09\/WhatsApp-Image-2025-10-14-at-14.34.58_b52cb9f4.jpg","https:\/\/fennecmotors.com\/wp-content\/uploads\/2020\/09\/WhatsApp-Image-2025-10-14-at-14.34.58_e4c48cb5.jpg"],"vehica_6674":{"url":"","embed":""},"vehica_16721":"","vehica_18820":[],"_links":{"self":[{"href":"https:\/\/fennecmotors.com\/fr\/wp-json\/wp\/v2\/cars\/27859","targetHints":{"allow":["GET"]}}],"collection":[{"href":"https:\/\/fennecmotors.com\/fr\/wp-json\/wp\/v2\/cars"}],"about":[{"href":"https:\/\/fennecmotors.com\/fr\/wp-json\/wp\/v2\/types\/vehica_car"}],"author":[{"embeddable":true,"href":"https:\/\/fennecmotors.com\/fr\/wp-json\/wp\/v2\/users\/2"}],"wp:featuredmedia":[{"embeddable":true,"href":"https:\/\/fennecmotors.com\/fr\/wp-json\/wp\/v2\/media\/27735"}],"wp:attachment":[{"href":"https:\/\/fennecmotors.com\/fr\/wp-json\/wp\/v2\/media?parent=27859"}],"wp:term":[{"taxonomy":"vehica_6654","embeddable":true,"href":"https:\/\/fennecmotors.com\/fr\/wp-json\/wp\/v2\/vehica_6654?post=27859"},{"taxonomy":"vehica_6655","embeddable":true,"href":"https:\/\/fennecmotors.com\/fr\/wp-json\/wp\/v2\/vehica_6655?post=27859"},{"taxonomy":"vehica_6659","embeddable":true,"href":"https:\/\/fennecmotors.com\/fr\/wp-json\/wp\/v2\/vehica_6659?post=27859"},{"taxonomy":"vehica_6660","embeddable":true,"href":"https:\/\/fennecmotors.com\/fr\/wp-json\/wp\/v2\/vehica_6660?post=27859"},{"taxonomy":"vehica_6657","embeddable":true,"href":"https:\/\/fennecmotors.com\/fr\/wp-json\/wp\/v2\/vehica_6657?post=27859"},{"taxonomy":"vehica_6661","embeddable":true,"href":"https:\/\/fennecmotors.com\/fr\/wp-json\/wp\/v2\/vehica_6661?post=27859"},{"taxonomy":"vehica_6662","embeddable":true,"href":"https:\/\/fennecmotors.com\/fr\/wp-json\/wp\/v2\/vehica_6662?post=27859"},{"taxonomy":"vehica_6663","embeddable":true,"href":"https:\/\/fennecmotors.com\/fr\/wp-json\/wp\/v2\/vehica_6663?post=27859"},{"taxonomy":"vehica_12974","embeddable":true,"href":"https:\/\/fennecmotors.com\/fr\/wp-json\/wp\/v2\/vehica_12974?post=27859"},{"taxonomy":"vehica_6666","embeddable":true,"href":"https:\/\/fennecmotors.com\/fr\/wp-json\/wp\/v2\/vehica_6666?post=27859"},{"taxonomy":"vehica_12770","embeddable":true,"href":"https:\/\/fennecmotors.com\/fr\/wp-json\/wp\/v2\/vehica_12770?post=27859"},{"taxonomy":"vehica_6670","embeddable":true,"href":"https:\/\/fennecmotors.com\/fr\/wp-json\/wp\/v2\/vehica_6670?post=27859"},{"taxonomy":"vehica_12723","embeddable":true,"href":"https:\/\/fennecmotors.com\/fr\/wp-json\/wp\/v2\/vehica_12723?post=27859"}],"curies":[{"name":"wp","href":"https:\/\/api.w.org\/{rel}","templated":true}]}}