{"id":27856,"date":"2025-10-18T17:38:24","date_gmt":"2025-10-18T17:38:24","guid":{"rendered":"https:\/\/fennecmotors.com\/listing\/honda-accord-hybrid\/"},"modified":"2025-12-24T20:21:55","modified_gmt":"2025-12-24T20:21:55","slug":"honda-accord-hybrid","status":"publish","type":"vehica_car","link":"https:\/\/fennecmotors.com\/fr\/listing\/honda-accord-hybrid\/","title":{"rendered":"Honda Accord Hybrid 2025"},"content":{"rendered":"<p>La Honda Accord Hybrid 1,5-1,6 L continue de consolider sa position parmi les berlines hybrides les plus avanc\u00e9es du march\u00e9 des \u00c9mirats arabes unis.<\/p>\n<p data-start=\"707\" data-end=\"1023\">Gr\u00e2ce \u00e0 son m\u00e9lange parfait d&rsquo;efficacit\u00e9 et de luxe, l&rsquo;Accord est devenue le choix pr\u00e9f\u00e9r\u00e9 des conducteurs \u00e0 la recherche d&rsquo;une voiture alliant performances \u00e9conomiques, design moderne et authentique innovation japonaise.<\/p>\n<p data-start=\"1025\" data-end=\"1165\">La nouvelle version hybride offre une conduite fluide et \u00e9cologique, gr\u00e2ce \u00e0 un syst\u00e8me intelligent qui \u00e9quilibre les moteurs \u00e0 essence et \u00e9lectriques afin d&rsquo;obtenir les meilleures performances possibles dans toutes les conditions de conduite.<\/p>\n<h3 data-start=\"1172\" data-end=\"1205\"><span style=\"font-size: 14pt;\">Sp\u00e9cifications techniques de base<\/span><\/h3>\n<div class=\"_tableContainer_1rjym_1\">\n<div class=\"group _tableWrapper_1rjym_13 flex w-fit flex-col-reverse\" tabindex=\"-1\">\n<table class=\"w-fit min-w-(--thread-content-width)\" style=\"width: 63.7386%;\" data-start=\"1207\" data-end=\"1512\">\n<thead data-start=\"1207\" data-end=\"1228\">\n<tr data-start=\"1207\" data-end=\"1228\">\n<th style=\"width: 38.5019%;\" data-start=\"1207\" data-end=\"1216\" data-col-size=\"sm\">L&rsquo;\u00e9l\u00e9ment<\/th>\n<th style=\"width: 68.0036%;\" data-start=\"1216\" data-end=\"1228\" data-col-size=\"md\">D\u00e9tails<\/th>\n<\/tr>\n<\/thead>\n<tbody data-start=\"1252\" data-end=\"1512\">\n<tr data-start=\"1252\" data-end=\"1306\">\n<td style=\"width: 38.5019%;\" data-start=\"1252\" data-end=\"1261\" data-col-size=\"sm\">Moteur<\/td>\n<td style=\"width: 68.0036%;\" data-col-size=\"md\" data-start=\"1261\" data-end=\"1306\">1,5 \u00e0 1,6 litre avec syst\u00e8me hybride (essence + \u00e9lectrique)<\/td>\n<\/tr>\n<tr data-start=\"1307\" data-end=\"1341\">\n<td style=\"width: 38.5019%;\" data-start=\"1307\" data-end=\"1321\" data-col-size=\"sm\">Transmission<\/td>\n<td style=\"width: 68.0036%;\" data-col-size=\"md\" data-start=\"1321\" data-end=\"1341\">Transmission automatique e-CVT<\/td>\n<\/tr>\n<tr data-start=\"1342\" data-end=\"1378\">\n<td style=\"width: 38.5019%;\" data-start=\"1342\" data-end=\"1360\" data-col-size=\"sm\">Puissance totale<\/td>\n<td style=\"width: 68.0036%;\" data-col-size=\"md\" data-start=\"1360\" data-end=\"1378\">Environ 204 chevaux-vapeur<\/td>\n<\/tr>\n<tr data-start=\"1379\" data-end=\"1401\">\n<td style=\"width: 38.5019%;\" data-start=\"1379\" data-end=\"1392\" data-col-size=\"sm\">Syst\u00e8me de paiement<\/td>\n<td style=\"width: 68.0036%;\" data-col-size=\"md\" data-start=\"1392\" data-end=\"1401\">devant moi<\/td>\n<\/tr>\n<tr data-start=\"1402\" data-end=\"1447\">\n<td style=\"width: 38.5019%;\" data-start=\"1402\" data-end=\"1419\" data-col-size=\"sm\">Consommation de carburant<\/td>\n<td style=\"width: 68.0036%;\" data-col-size=\"md\" data-start=\"1419\" data-end=\"1447\">Environ 4,2 litres aux 100 km<\/td>\n<\/tr>\n<tr data-start=\"1448\" data-end=\"1473\">\n<td style=\"width: 38.5019%;\" data-start=\"1448\" data-end=\"1461\" data-col-size=\"sm\">Type de carburant<\/td>\n<td style=\"width: 68.0036%;\" data-col-size=\"md\" data-start=\"1461\" data-end=\"1473\">essence \u00e0 indice d&rsquo;octane 95<\/td>\n<\/tr>\n<tr data-start=\"1474\" data-end=\"1512\">\n<td style=\"width: 38.5019%;\" data-start=\"1474\" data-end=\"1495\" data-col-size=\"sm\">Acc\u00e9l\u00e9ration 0-100 km\/h<\/td>\n<td style=\"width: 68.0036%;\" data-col-size=\"md\" data-start=\"1495\" data-end=\"1512\">Environ 7,5 secondes<\/td>\n<\/tr>\n<\/tbody>\n<\/table>\n<\/div>\n<\/div>\n<p data-start=\"1514\" data-end=\"1653\">Ces chiffres conf\u00e8rent \u00e0 la voiture des performances \u00e9quilibr\u00e9es entre puissance et \u00e9conomie, ce qui la rend id\u00e9ale pour la conduite en ville ou sur les longues autoroutes des \u00c9mirats arabes unis.<\/p>\n<h3 data-start=\"1660\" data-end=\"1703\"><span style=\"font-size: 14pt;\">Design ext\u00e9rieur : \u00e9l\u00e9gance et pr\u00e9sence sportive<\/span><\/h3>\n<p data-start=\"1705\" data-end=\"2113\">La Honda Accord Hybrid 2025 refl\u00e8te la nouvelle philosophie de conception de Honda, qui met l&rsquo;accent sur l&rsquo;a\u00e9rodynamisme et les d\u00e9tails audacieux.<\/p>\n<p data-start=\"1705\" data-end=\"2113\">L&rsquo;avant \u00e9l\u00e9gant, avec sa large calandre et ses feux \u00e0 LED distinctifs, conf\u00e8re \u00e0 la voiture une allure luxueuse, tandis que les lignes lat\u00e9rales fluides ajoutent une touche de dynamisme et d&rsquo;agilit\u00e9.<\/p>\n<p data-start=\"1705\" data-end=\"2113\">L&rsquo;a\u00e9rodynamisme a \u00e9galement \u00e9t\u00e9 am\u00e9lior\u00e9 afin de r\u00e9duire la r\u00e9sistance \u00e0 l&rsquo;air et d&rsquo;optimiser le rendement \u00e9nerg\u00e9tique. Les jantes en alliage \u00e9l\u00e9gantes lui conf\u00e8rent un look sophistiqu\u00e9 \u00e0 la hauteur de sa cat\u00e9gorie.<\/p>\n<h3 data-start=\"2120\" data-end=\"2161\"><span style=\"font-size: 14pt;\">Int\u00e9rieur : luxe discret et technologie intelligente<\/span><\/h3>\n<p data-start=\"2163\" data-end=\"2292\">\u00c0 l&rsquo;int\u00e9rieur, la Honda Accord Hybrid 2025 offre une exp\u00e9rience unique gr\u00e2ce \u00e0 l&rsquo;int\u00e9gration de technologies modernes et d&rsquo;un confort haut de gamme. Parmi les caract\u00e9ristiques int\u00e9rieures notables, mentionnons :<\/p>\n<ul data-start=\"2294\" data-end=\"2528\">\n<li data-start=\"2294\" data-end=\"2344\">\n<p data-start=\"2296\" data-end=\"2344\">\u00c9cran tactile d&rsquo;infodivertissement de 12,3 pouces<\/p>\n<\/li>\n<li data-start=\"2345\" data-end=\"2376\">\n<p data-start=\"2347\" data-end=\"2376\">Syst\u00e8me audio avanc\u00e9 de Bose<\/p>\n<\/li>\n<li data-start=\"2377\" data-end=\"2420\">\n<p data-start=\"2379\" data-end=\"2420\">Prise en charge d&rsquo;Apple CarPlay et d&rsquo;Android Auto<\/p>\n<\/li>\n<li data-start=\"2421\" data-end=\"2456\">\n<p data-start=\"2423\" data-end=\"2456\">Syst\u00e8me de climatisation \u00e0 deux zones<\/p>\n<\/li>\n<li data-start=\"2457\" data-end=\"2498\">\n<p data-start=\"2459\" data-end=\"2498\">Si\u00e8ges en cuir avec fonction chauffage et refroidissement<\/p>\n<\/li>\n<li data-start=\"2499\" data-end=\"2528\">\n<p data-start=\"2501\" data-end=\"2528\">Recharge sans fil pour smartphones<\/p>\n<\/li>\n<\/ul>\n<p data-start=\"2530\" data-end=\"2671\">Ces caract\u00e9ristiques offrent au conducteur et aux passagers une exp\u00e9rience de conduite raffin\u00e9e et silencieuse, avec une isolation acoustique am\u00e9lior\u00e9e pour r\u00e9duire les bruits ext\u00e9rieurs lors de la conduite sur les autoroutes des \u00c9mirats arabes unis.<\/p>\n<h3 data-start=\"3168\" data-end=\"3207\"><span style=\"font-size: 14pt;\">Performances et technologie hybrides avanc\u00e9es<\/span><\/h3>\n<p data-start=\"3209\" data-end=\"3616\">La Honda Accord Hybrid 2025 fonctionne gr\u00e2ce \u00e0 un syst\u00e8me qui combine un moteur \u00e0 essence et un puissant moteur \u00e9lectrique afin d&rsquo;atteindre un \u00e9quilibre entre efficacit\u00e9 et performance.<\/p>\n<p data-start=\"3209\" data-end=\"3616\">En conduite urbaine normale, le syst\u00e8me utilise davantage l&rsquo;\u00e9nergie \u00e9lectrique pour r\u00e9duire la consommation de carburant, tandis que le moteur \u00e0 essence prend le relais lorsque des acc\u00e9l\u00e9rations suppl\u00e9mentaires sont n\u00e9cessaires ou lors de longs trajets.<\/p>\n<p data-start=\"3209\" data-end=\"3616\">Cette technologie est l&rsquo;une des plus avanc\u00e9es de sa cat\u00e9gorie, offrant au conducteur une exp\u00e9rience de conduite fluide et une r\u00e9ponse imm\u00e9diate sans aucun retard dans la transmission.<\/p>\n<h3 data-start=\"3623\" data-end=\"3678\"><span style=\"font-size: 14pt;\">Pourquoi choisir la Honda Accord Hybrid 2025 aux \u00c9mirats arabes unis ?<\/span><\/h3>\n<ul data-start=\"3680\" data-end=\"3875\">\n<li data-start=\"3680\" data-end=\"3717\">\n<p data-start=\"3682\" data-end=\"3717\">Rendement \u00e9nerg\u00e9tique exceptionnel<\/p>\n<\/li>\n<li data-start=\"3718\" data-end=\"3754\">\n<p data-start=\"3720\" data-end=\"3754\">Confort et luxe dans l&rsquo;habitacle<\/p>\n<\/li>\n<li data-start=\"3755\" data-end=\"3786\">\n<p data-start=\"3757\" data-end=\"3786\">Haute fiabilit\u00e9 et faible entretien<\/p>\n<\/li>\n<li data-start=\"3787\" data-end=\"3823\">\n<p data-start=\"3789\" data-end=\"3823\">Performances dynamiques et technologies de conduite intelligentes<\/p>\n<\/li>\n<li data-start=\"3824\" data-end=\"3875\">\n<p data-start=\"3826\" data-end=\"3875\">Design ext\u00e9rieur attrayant qui correspond aux go\u00fbts contemporains aux <a href=\"https:\/\/ar.wikipedia.org\/wiki\/%D8%A7%D9%84%D8%A5%D9%85%D8%A7%D8%B1%D8%A7%D8%AA_%D8%A7%D9%84%D8%B9%D8%B1%D8%A8%D9%8A%D8%A9_%D8%A7%D9%84%D9%85%D8%AA%D8%AD%D8%AF%D8%A9\" target=\"_blank\" rel=\"noopener\">\u00c9mirats arabes unis<\/a><\/p>\n<\/li>\n<\/ul>\n<p data-start=\"3930\" data-end=\"4217\"><strong>Vous recherchez une voiture hybride alliant luxe, efficacit\u00e9 et fiabilit\u00e9 japonaise ? <\/strong><br data-start=\"4002\" data-end=\"4005\" \/>D\u00e9couvrez d\u00e8s maintenant la Honda Accord Hybrid 2025 sur le site web <a href=\"https:\/\/fennecmotors.com\/fr\/\">Funk Auto Trading<\/a> et r\u00e9servez un essai routier pour d\u00e9couvrir par vous-m\u00eame les performances avanc\u00e9es et les technologies intelligentes qui distinguent ce chef-d&rsquo;\u0153uvre japonais.<\/p>\n","protected":false},"author":2,"featured_media":27668,"template":"","vehica_6654":[3014],"vehica_6655":[2600],"vehica_6659":[2683],"vehica_6660":[2758],"vehica_6657":[2770],"vehica_6661":[2786],"vehica_6662":[2796],"vehica_6663":[2815],"vehica_12974":[2826],"vehica_6666":[3107],"vehica_12770":[2867],"vehica_6670":[2879,2892,2885,2893,2884,3094,2887,2883,2886,2882,3086,2891,2888],"vehica_12723":[2910,2911,2964,2927,2920,2912,2918,2963,3031,2909,2967,2915,2970,2968,3041],"class_list":["post-27856","vehica_car","type-vehica_car","status-publish","has-post-thumbnail","hentry","vehica_6654-new-2","vehica_6655-hayon","vehica_6659-honda","vehica_6660-modele-2025","vehica_6657-a-vendre","vehica_6661-fwd","vehica_6662-automatique","vehica_6663-essence","vehica_12974-4-cylinder","vehica_6666-white","vehica_12770-4-portes","vehica_6670-camera-a-360-degres","vehica_6670-controle-de-traction","vehica_6670-phares-a-del","vehica_6670-port-usb","vehica_6670-sans-cle","vehica_6670-side-airbags","vehica_6670-siege-a-memoire","vehica_6670-sieges-chauffants","vehica_6670-sieges-en-cuir","vehica_6670-sieges-refroidis","vehica_6670-sound-system","vehica_6670-systeme-audio","vehica_6670-systeme-de-navigation","vehica_12723-abs","vehica_12723-automatic-emergency-braking","vehica_12723-aide-au-maintien-dans-la-voie","vehica_12723-airbags-frontaux","vehica_12723-airbags-rideaux","vehica_12723-appuie-tete-actifs","vehica_12723-assistance-au-freinage","vehica_12723-avertisseur-de-sortie-de-voie","vehica_12723-backup-camera","vehica_12723-camera-a-360-degres","vehica_12723-camera-arriere","vehica_12723-camera-de-recul","vehica_12723-camera-laterale","vehica_12723-capteurs-de-stationnement-arriere","vehica_12723-rear-parking-sensors"],"vehica_6656":{"vehica_currency_6656_2316":""},"vehica_14696":"","vehica_6664":"","vehica_6665":"","vehica_6671":"","vehica_6673":["https:\/\/fennecmotors.com\/wp-content\/uploads\/2025\/10\/2025_honda_accord_sedan_sport-l-hybrid_fq_oem_1_500.jpg","https:\/\/fennecmotors.com\/wp-content\/uploads\/2025\/10\/2025_honda_accord_sedan_touring-hybrid_fq_oem_2_500.jpg","https:\/\/fennecmotors.com\/wp-content\/uploads\/2025\/10\/2025_honda_accord_sedan_sport-l-hybrid_fq_oem_2_500.jpg","https:\/\/fennecmotors.com\/wp-content\/uploads\/2025\/10\/2025_honda_accord_sedan_sport-l-hybrid_rq_oem_1_500.jpg","https:\/\/fennecmotors.com\/wp-content\/uploads\/2025\/10\/2025_honda_accord_sedan_touring-hybrid_rq_oem_2_500.jpg","https:\/\/fennecmotors.com\/wp-content\/uploads\/2025\/10\/2025_honda_accord_sedan_touring-hybrid_rq_oem_3_500.jpg","https:\/\/fennecmotors.com\/wp-content\/uploads\/2025\/10\/2025_honda_accord_sedan_touring-hybrid_f_oem_1_500.jpg","https:\/\/fennecmotors.com\/wp-content\/uploads\/2025\/10\/2025_honda_accord_sedan_touring-hybrid_fq_oem_1_500.jpg","https:\/\/fennecmotors.com\/wp-content\/uploads\/2025\/10\/2025_honda_accord_sedan_touring-hybrid_fq_oem_3_500.jpg","https:\/\/fennecmotors.com\/wp-content\/uploads\/2025\/10\/2025_honda_accord_sedan_touring-hybrid_rq_oem_1_500.jpg","https:\/\/fennecmotors.com\/wp-content\/uploads\/2025\/10\/2025_honda_accord_sedan_touring-hybrid_fq_oem_4_500.jpg","https:\/\/fennecmotors.com\/wp-content\/uploads\/2025\/10\/2025_honda_accord_sedan_sport-l-hybrid_fd_izmo_1_500.jpg","https:\/\/fennecmotors.com\/wp-content\/uploads\/2025\/10\/2025_honda_accord_sedan_sport-l-hybrid_d_oem_1_500.jpg","https:\/\/fennecmotors.com\/wp-content\/uploads\/2025\/10\/2025_honda_accord_sedan_sport-l-hybrid_cc_oem_2_500.jpg","https:\/\/fennecmotors.com\/wp-content\/uploads\/2025\/10\/2025_honda_accord_sedan_sport-l-hybrid_cc_oem_1_500.jpg","https:\/\/fennecmotors.com\/wp-content\/uploads\/2025\/10\/2025_honda_accord_sedan_sport-l-hybrid_navsys_oem_1_500.jpg","https:\/\/fennecmotors.com\/wp-content\/uploads\/2025\/10\/2025_honda_accord_sedan_touring-hybrid_g_oem_1_500.jpg","https:\/\/fennecmotors.com\/wp-content\/uploads\/2025\/10\/2025_honda_accord_sedan_touring-hybrid_fd_izmo_1_500.jpg","https:\/\/fennecmotors.com\/wp-content\/uploads\/2025\/10\/2025_honda_accord_sedan_touring-hybrid_detail_oem_2_500.jpg","https:\/\/fennecmotors.com\/wp-content\/uploads\/2025\/10\/2025_honda_accord_sedan_touring-hybrid_detail_oem_1_500.jpg","https:\/\/fennecmotors.com\/wp-content\/uploads\/2025\/10\/2025_honda_accord_sedan_touring-hybrid_d_oem_2_500.jpg","https:\/\/fennecmotors.com\/wp-content\/uploads\/2025\/10\/2025_honda_accord_sedan_touring-hybrid_d_oem_1_500.jpg"],"vehica_6674":{"url":"","embed":""},"vehica_16721":"","vehica_18820":[],"_links":{"self":[{"href":"https:\/\/fennecmotors.com\/fr\/wp-json\/wp\/v2\/cars\/27856","targetHints":{"allow":["GET"]}}],"collection":[{"href":"https:\/\/fennecmotors.com\/fr\/wp-json\/wp\/v2\/cars"}],"about":[{"href":"https:\/\/fennecmotors.com\/fr\/wp-json\/wp\/v2\/types\/vehica_car"}],"author":[{"embeddable":true,"href":"https:\/\/fennecmotors.com\/fr\/wp-json\/wp\/v2\/users\/2"}],"wp:featuredmedia":[{"embeddable":true,"href":"https:\/\/fennecmotors.com\/fr\/wp-json\/wp\/v2\/media\/27668"}],"wp:attachment":[{"href":"https:\/\/fennecmotors.com\/fr\/wp-json\/wp\/v2\/media?parent=27856"}],"wp:term":[{"taxonomy":"vehica_6654","embeddable":true,"href":"https:\/\/fennecmotors.com\/fr\/wp-json\/wp\/v2\/vehica_6654?post=27856"},{"taxonomy":"vehica_6655","embeddable":true,"href":"https:\/\/fennecmotors.com\/fr\/wp-json\/wp\/v2\/vehica_6655?post=27856"},{"taxonomy":"vehica_6659","embeddable":true,"href":"https:\/\/fennecmotors.com\/fr\/wp-json\/wp\/v2\/vehica_6659?post=27856"},{"taxonomy":"vehica_6660","embeddable":true,"href":"https:\/\/fennecmotors.com\/fr\/wp-json\/wp\/v2\/vehica_6660?post=27856"},{"taxonomy":"vehica_6657","embeddable":true,"href":"https:\/\/fennecmotors.com\/fr\/wp-json\/wp\/v2\/vehica_6657?post=27856"},{"taxonomy":"vehica_6661","embeddable":true,"href":"https:\/\/fennecmotors.com\/fr\/wp-json\/wp\/v2\/vehica_6661?post=27856"},{"taxonomy":"vehica_6662","embeddable":true,"href":"https:\/\/fennecmotors.com\/fr\/wp-json\/wp\/v2\/vehica_6662?post=27856"},{"taxonomy":"vehica_6663","embeddable":true,"href":"https:\/\/fennecmotors.com\/fr\/wp-json\/wp\/v2\/vehica_6663?post=27856"},{"taxonomy":"vehica_12974","embeddable":true,"href":"https:\/\/fennecmotors.com\/fr\/wp-json\/wp\/v2\/vehica_12974?post=27856"},{"taxonomy":"vehica_6666","embeddable":true,"href":"https:\/\/fennecmotors.com\/fr\/wp-json\/wp\/v2\/vehica_6666?post=27856"},{"taxonomy":"vehica_12770","embeddable":true,"href":"https:\/\/fennecmotors.com\/fr\/wp-json\/wp\/v2\/vehica_12770?post=27856"},{"taxonomy":"vehica_6670","embeddable":true,"href":"https:\/\/fennecmotors.com\/fr\/wp-json\/wp\/v2\/vehica_6670?post=27856"},{"taxonomy":"vehica_12723","embeddable":true,"href":"https:\/\/fennecmotors.com\/fr\/wp-json\/wp\/v2\/vehica_12723?post=27856"}],"curies":[{"name":"wp","href":"https:\/\/api.w.org\/{rel}","templated":true}]}}