{"id":26246,"date":"2025-10-23T20:47:53","date_gmt":"2025-10-23T20:47:53","guid":{"rendered":"https:\/\/fennecmotors.com\/listing\/volkswagen-passat-pro-2025-starry-sky-dragon\/"},"modified":"2025-12-22T14:48:43","modified_gmt":"2025-12-22T14:48:43","slug":"volkswagen-passat-pro-2025-starry-sky-dragon","status":"publish","type":"vehica_car","link":"https:\/\/fennecmotors.com\/fr\/listing\/volkswagen-passat-pro-2025-starry-sky-dragon\/","title":{"rendered":"Volkswagen Passat Pro 2025 Starry Sky Dragon"},"content":{"rendered":"<p>La Volkswagen Passat Pro 2025 Starry Sky Dragon incarne le summum de l&rsquo;ing\u00e9nierie allemande, alliant luxe moderne, performances dynamiques et touches de design qui refl\u00e8tent un esprit d&rsquo;\u00e9l\u00e9gance et de raffinement.<\/p>\n<p>Cette version sp\u00e9ciale a \u00e9t\u00e9 d\u00e9velopp\u00e9e pour \u00eatre un symbole d&rsquo;\u00e9volution et de technologie, et pour r\u00e9pondre aux besoins des conducteurs \u00e0 la recherche de qualit\u00e9 et d&rsquo;excellence dans la cat\u00e9gorie des berlines haut de gamme aux \u00c9mirats.<\/p>\n<h3><span style=\"font-size: 14pt;\">Design ext\u00e9rieur<\/span><\/h3>\n<p>La Volkswagen Passat Pro 2025 refl\u00e8te la philosophie de design futuriste de Volkswagen, avec une large face avant orn\u00e9e d&rsquo;une calandre m\u00e9tallique au design \u00ab\u00a0Starry Sky\u00a0\u00bb qui refl\u00e8te la lumi\u00e8re d&rsquo;une mani\u00e8re impressionnante, semblable \u00e0 un ciel \u00e9toil\u00e9.<\/p>\n<p>La voiture est dot\u00e9e de phares avant <strong>LED Matrix<\/strong> reli\u00e9s par une \u00e9l\u00e9gante bande lumineuse qui s&rsquo;\u00e9tend sur la face avant, avec de subtiles touches de chrome qui ajoutent une touche de luxe.<\/p>\n<p>\u00c0 l&rsquo;arri\u00e8re, les feux arri\u00e8re profil\u00e9s dot\u00e9s de la technologie <strong>3D LED<\/strong> et le logo Volkswagen lumineux conf\u00e8rent au design une identit\u00e9 moderne distinctive.<\/p>\n<p>La voiture est \u00e9galement disponible dans une \u00e9l\u00e9gante couleur bicolore combinant le blanc et le noir<a href=\"https:\/\/ar.wikipedia.org\/wiki\/%D8%A7%D9%84%D8%A5%D9%85%D8%A7%D8%B1%D8%A7%D8%AA_%D8%A7%D9%84%D8%B9%D8%B1%D8%A8%D9%8A%D8%A9_%D8%A7%D9%84%D9%85%D8%AA%D8%AD%D8%AF%D8%A9\" target=\"_blank\" rel=\"noopener\">,<\/a> ce qui lui conf\u00e8re une pr\u00e9sence visuelle saisissante sur la route.<\/p>\n<h3><span style=\"font-size: 14pt;\">Design int\u00e9rieur et habitacle<\/span><\/h3>\n<p>L&rsquo;habitacle offre une exp\u00e9rience de conduite raffin\u00e9e qui allie technologie et confort absolu.<\/p>\n<p>L&rsquo;int\u00e9rieur a \u00e9t\u00e9 con\u00e7u avec un soin extr\u00eame, utilisant du cuir luxueux et des incrustations m\u00e9talliques brillantes, ainsi qu&rsquo;un \u00e9clairage ambiant personnalisable qui renforce la sensation de luxe.<\/p>\n<p>L&rsquo;habitacle comprend un grand \u00e9cran central tactile dot\u00e9 du syst\u00e8me <strong>Discover Pro<\/strong> avanc\u00e9, qui prend en charge la connexion sans fil via <strong>Apple CarPlay<\/strong> et <strong>Android Auto<\/strong>, ainsi qu&rsquo;un tableau de bord num\u00e9rique haute r\u00e9solution <strong>Digital Cockpit<\/strong> qui permet d&rsquo;afficher les informations de mani\u00e8re dynamique et facile \u00e0 lire.<\/p>\n<p>Les si\u00e8ges avant sont \u00e9galement \u00e9quip\u00e9s d&rsquo;un syst\u00e8me de <strong>chauffage et de refroidissement<\/strong> avec fonction de m\u00e9morisation, tandis que les si\u00e8ges arri\u00e8re offrent un confort exceptionnel gr\u00e2ce \u00e0 l&rsquo;espace g\u00e9n\u00e9reux et au syst\u00e8me de climatisation ind\u00e9pendant.<\/p>\n<h3><span style=\"font-size: 14pt;\">Performances et sp\u00e9cifications m\u00e9caniques<\/span><\/h3>\n<p>La Volkswagen Passat Pro 2025 Starry Sky Dragon est bas\u00e9e sur un moteur <strong>1.5 litre TSI turbo<\/strong> \u00e0 injection directe, qui d\u00e9veloppe une puissance allant jusqu&rsquo;\u00e0 <strong>150 chevaux<\/strong> et un couple puissant qui garantit des performances fluides et une r\u00e9ponse rapide.<\/p>\n<p>Le moteur est associ\u00e9 \u00e0 une transmission <strong>DSG automatique \u00e0 7 rapports<\/strong> qui garantit des changements de vitesse pr\u00e9cis et fluides.<\/p>\n<p>Le syst\u00e8me de traction avant offre une grande stabilit\u00e9 et un excellent contr\u00f4le pendant la conduite, tandis que le syst\u00e8me de suspension a \u00e9t\u00e9 am\u00e9lior\u00e9 pour absorber les chocs et offrir une exp\u00e9rience de conduite confortable, m\u00eame sur les routes accident\u00e9es.<\/p>\n<h3><span style=\"font-size: 14pt;\">Efficacit\u00e9 \u00e9nerg\u00e9tique<\/span><\/h3>\n<p>L&rsquo;un des principaux avantages de cette version est son rendement \u00e9nerg\u00e9tique \u00e9lev\u00e9 gr\u00e2ce \u00e0 la technologie <strong>TSI<\/strong> intelligente, qui offre un \u00e9quilibre id\u00e9al entre performances sportives et \u00e9conomie de conduite au quotidien, ce qui en fait un choix id\u00e9al pour les citadins des \u00c9mirats \u00e0 la recherche d&rsquo;\u00e9conomies sans sacrifier la puissance.<\/p>\n<h3><span style=\"font-size: 14pt;\">Syst\u00e8mes de s\u00e9curit\u00e9 et d&rsquo;aide \u00e0 la conduite<\/span><\/h3>\n<p>La Volkswagen Passat Pro 2025 Starry Sky Dragon est \u00e9quip\u00e9e des derniers syst\u00e8mes de s\u00e9curit\u00e9 active de Volkswagen, afin d&rsquo;offrir une protection et une confiance maximales, et comprend\u00a0:<\/p>\n<ul>\n<li>Syst\u00e8me de contr\u00f4le \u00e9lectronique de la stabilit\u00e9 (ESC)<\/li>\n<li>Aide au maintien de la trajectoire<\/li>\n<li>Avertissement de collision avant et freinage d&rsquo;urgence automatique<\/li>\n<li>Syst\u00e8me de surveillance des angles morts<\/li>\n<li>Avertissement de circulation arri\u00e8re<\/li>\n<li>Cam\u00e9ra \u00e0 360\u00a0degr\u00e9s avec capteurs avant et arri\u00e8re<\/li>\n<li>Plusieurs coussins gonflables couvrant tous les c\u00f4t\u00e9s de l&rsquo;habitacle<\/li>\n<\/ul>\n<h3><span style=\"font-size: 14pt;\">Confort et technologies avanc\u00e9es<\/span><\/h3>\n<p>La Volkswagen Passat Pro 2025 Starry Sky Dragon offre une exp\u00e9rience de conduite confortable et enti\u00e8rement connect\u00e9e gr\u00e2ce \u00e0 des technologies intelligentes, telles que le syst\u00e8me d&rsquo;entr\u00e9e sans cl\u00e9 et le d\u00e9marrage par bouton-poussoir, le syst\u00e8me de climatisation automatique tri-zone et un large toit panoramique en verre qui am\u00e9liore la lumi\u00e8re naturelle \u00e0 l&rsquo;int\u00e9rieur de l&rsquo;habitacle.<\/p>\n<p>Le conducteur peut \u00e9galement contr\u00f4ler les param\u00e8tres audio et l&rsquo;\u00e9clairage int\u00e9rieur via des commandes vocales ou l&rsquo;interface tactile intelligente.<\/p>\n<h3><span style=\"font-size: 14pt;\">Performances dynamiques et exp\u00e9rience de conduite<\/span><\/h3>\n<p>La Volkswagen Passat Pro 2025 Starry Sky Dragon se caract\u00e9rise par une excellente stabilit\u00e9 dans les virages, avec une direction pr\u00e9cise et une r\u00e9ponse flexible gr\u00e2ce au syst\u00e8me de suspension avanc\u00e9 de <a href=\"https:\/\/fennecmotors.com\/listing\/volkswagen-polo-plus-2023\/\">Volkswagen<\/a>.<\/p>\n<p>Les syst\u00e8mes de traction et de contr\u00f4le de l&rsquo;\u00e9quilibre am\u00e9liorent \u00e9galement la stabilit\u00e9, ce qui donne au conducteur un sentiment de confiance sur l&rsquo;autoroute ou en ville.<\/p>\n","protected":false},"author":2,"featured_media":26256,"template":"","vehica_6654":[2596],"vehica_6655":[2602],"vehica_6659":[2735],"vehica_6660":[2758],"vehica_6657":[2770],"vehica_6661":[],"vehica_6662":[2796],"vehica_6663":[2815],"vehica_12974":[2826],"vehica_6666":[2851],"vehica_12770":[2867],"vehica_6670":[2880,2881,2879,2889,2892,2885,2893,2884,2887,2883,2886,2882,2888],"vehica_12723":[2917,2926,2909,2967,2915,2968,2928,2966,2925,2971,2922,2965],"class_list":["post-26246","vehica_car","type-vehica_car","status-publish","has-post-thumbnail","hentry","vehica_6654-nouveau","vehica_6655-sedan","vehica_6659-volkswagen","vehica_6660-modele-2025","vehica_6657-a-vendre","vehica_6662-automatique","vehica_6663-essence","vehica_12974-4-cylinder","vehica_6666-blanc","vehica_12770-4-portes","vehica_6670-alerte-dangle-mort","vehica_6670-bluetooth","vehica_6670-camera-a-360-degres","vehica_6670-camera-de-recul","vehica_6670-controle-de-traction","vehica_6670-phares-a-del","vehica_6670-port-usb","vehica_6670-sans-cle","vehica_6670-siege-a-memoire","vehica_6670-sieges-chauffants","vehica_6670-sieges-en-cuir","vehica_6670-sieges-refroidis","vehica_6670-systeme-de-navigation","vehica_12723-avertisseur-dangle-mort","vehica_12723-avertisseur-de-collision-avant","vehica_12723-camera-a-360-degres","vehica_12723-camera-arriere","vehica_12723-camera-de-recul","vehica_12723-capteurs-de-stationnement-arriere","vehica_12723-capteurs-de-stationnement-avant","vehica_12723-detection-des-pietons","vehica_12723-feux-de-freinage-durgence","vehica_12723-moniteur-a-vision-panoramique","vehica_12723-repartition-electronique-de-la-force-de-freinage","vehica_12723-systemes-daide-au-stationnement"],"vehica_6656":{"vehica_currency_6656_2316":""},"vehica_14696":"","vehica_6664":"","vehica_6665":"","vehica_6671":"","vehica_6673":["https:\/\/fennecmotors.com\/wp-content\/uploads\/2025\/10\/volkswagen-passat-pro-1-1.webp","https:\/\/fennecmotors.com\/wp-content\/uploads\/2025\/10\/volkswagen-passat-pro-2-1.webp","https:\/\/fennecmotors.com\/wp-content\/uploads\/2025\/10\/volkswagen-passat-pro-3-1.webp","https:\/\/fennecmotors.com\/wp-content\/uploads\/2025\/10\/volkswagen-passat-pro-4.png","https:\/\/fennecmotors.com\/wp-content\/uploads\/2025\/10\/volkswagen-passat-pro-5-1.webp","https:\/\/fennecmotors.com\/wp-content\/uploads\/2025\/10\/volkswagen-passat-pro-6-1.webp","https:\/\/fennecmotors.com\/wp-content\/uploads\/2025\/10\/volkswagen-passat-pro-7-1.webp","https:\/\/fennecmotors.com\/wp-content\/uploads\/2025\/10\/volkswagen-passat-pro-8-1.webp","https:\/\/fennecmotors.com\/wp-content\/uploads\/2025\/10\/volkswagen-passat-pro-9.webp","https:\/\/fennecmotors.com\/wp-content\/uploads\/2025\/10\/volkswagen-passat-pro-10.webp"],"vehica_6674":{"url":"","embed":""},"vehica_16721":"","vehica_18820":[],"_links":{"self":[{"href":"https:\/\/fennecmotors.com\/fr\/wp-json\/wp\/v2\/cars\/26246","targetHints":{"allow":["GET"]}}],"collection":[{"href":"https:\/\/fennecmotors.com\/fr\/wp-json\/wp\/v2\/cars"}],"about":[{"href":"https:\/\/fennecmotors.com\/fr\/wp-json\/wp\/v2\/types\/vehica_car"}],"author":[{"embeddable":true,"href":"https:\/\/fennecmotors.com\/fr\/wp-json\/wp\/v2\/users\/2"}],"wp:featuredmedia":[{"embeddable":true,"href":"https:\/\/fennecmotors.com\/fr\/wp-json\/wp\/v2\/media\/26256"}],"wp:attachment":[{"href":"https:\/\/fennecmotors.com\/fr\/wp-json\/wp\/v2\/media?parent=26246"}],"wp:term":[{"taxonomy":"vehica_6654","embeddable":true,"href":"https:\/\/fennecmotors.com\/fr\/wp-json\/wp\/v2\/vehica_6654?post=26246"},{"taxonomy":"vehica_6655","embeddable":true,"href":"https:\/\/fennecmotors.com\/fr\/wp-json\/wp\/v2\/vehica_6655?post=26246"},{"taxonomy":"vehica_6659","embeddable":true,"href":"https:\/\/fennecmotors.com\/fr\/wp-json\/wp\/v2\/vehica_6659?post=26246"},{"taxonomy":"vehica_6660","embeddable":true,"href":"https:\/\/fennecmotors.com\/fr\/wp-json\/wp\/v2\/vehica_6660?post=26246"},{"taxonomy":"vehica_6657","embeddable":true,"href":"https:\/\/fennecmotors.com\/fr\/wp-json\/wp\/v2\/vehica_6657?post=26246"},{"taxonomy":"vehica_6661","embeddable":true,"href":"https:\/\/fennecmotors.com\/fr\/wp-json\/wp\/v2\/vehica_6661?post=26246"},{"taxonomy":"vehica_6662","embeddable":true,"href":"https:\/\/fennecmotors.com\/fr\/wp-json\/wp\/v2\/vehica_6662?post=26246"},{"taxonomy":"vehica_6663","embeddable":true,"href":"https:\/\/fennecmotors.com\/fr\/wp-json\/wp\/v2\/vehica_6663?post=26246"},{"taxonomy":"vehica_12974","embeddable":true,"href":"https:\/\/fennecmotors.com\/fr\/wp-json\/wp\/v2\/vehica_12974?post=26246"},{"taxonomy":"vehica_6666","embeddable":true,"href":"https:\/\/fennecmotors.com\/fr\/wp-json\/wp\/v2\/vehica_6666?post=26246"},{"taxonomy":"vehica_12770","embeddable":true,"href":"https:\/\/fennecmotors.com\/fr\/wp-json\/wp\/v2\/vehica_12770?post=26246"},{"taxonomy":"vehica_6670","embeddable":true,"href":"https:\/\/fennecmotors.com\/fr\/wp-json\/wp\/v2\/vehica_6670?post=26246"},{"taxonomy":"vehica_12723","embeddable":true,"href":"https:\/\/fennecmotors.com\/fr\/wp-json\/wp\/v2\/vehica_12723?post=26246"}],"curies":[{"name":"wp","href":"https:\/\/api.w.org\/{rel}","templated":true}]}}