{"id":26214,"date":"2025-10-23T21:22:18","date_gmt":"2025-10-23T21:22:18","guid":{"rendered":"https:\/\/fennecmotors.com\/listing\/volkswagen-lavida-desire-2025\/"},"modified":"2025-12-22T14:41:09","modified_gmt":"2025-12-22T14:41:09","slug":"volkswagen-lavida-desire-2025","status":"publish","type":"vehica_car","link":"https:\/\/fennecmotors.com\/fr\/listing\/volkswagen-lavida-desire-2025\/","title":{"rendered":"Volkswagen Lavida Desire 2025"},"content":{"rendered":"<p>Volkswagen continue de consolider sa position comme l&rsquo;une des marques allemandes les plus fiables en lan\u00e7ant la <strong>Volkswagen<\/strong> <strong>Lavida Desire 2025<\/strong>, qui combine un design moderne et des performances pratiques adapt\u00e9es \u00e0 la vie urbaine.<\/p>\n<p>Ce mod\u00e8le distinctif est con\u00e7u pour r\u00e9pondre aux besoins des conducteurs des <a href=\"https:\/\/ar.wikipedia.org\/wiki\/%D8%A7%D9%84%D8%A5%D9%85%D8%A7%D8%B1%D8%A7%D8%AA_%D8%A7%D9%84%D8%B9%D8%B1%D8%A8%D9%8A%D8%A9_%D8%A7%D9%84%D9%85%D8%AA%D8%AD%D8%AF%D8%A9\" target=\"_blank\" rel=\"noopener\"><strong>\u00c9mirats<\/strong><\/a> qui recherchent un \u00e9quilibre entre luxe, \u00e9conomie et performances fluides.<\/p>\n<h3><span style=\"font-size: 14pt;\">Design ext\u00e9rieur<\/span><\/h3>\n<p>Le mod\u00e8le <strong>Volkswagen Lavida Desire 2025<\/strong> met en valeur l&rsquo;identit\u00e9 moderne de <a href=\"https:\/\/fennecmotors.com\/listing\/volkswagen-lavida-2025\/\">Volkswagen<\/a> avec des d\u00e9tails de conception pr\u00e9cis qui combinent \u00e9l\u00e9gance et audace.<\/p>\n<p>La voiture est disponible en <strong>double noir (noir ext\u00e9rieur avec toit noir)<\/strong>, ce qui lui conf\u00e8re une pr\u00e9sence \u00e9l\u00e9gante et puissante sur la route, avec une large calandre avant avec d&rsquo;\u00e9l\u00e9gantes lignes chrom\u00e9es et des phares et feux de jour \u00e0 LED avec technologie d&rsquo;\u00e9clairage intelligent.<\/p>\n<p>\u00c0 l&rsquo;arri\u00e8re, la conception profil\u00e9e des feux avec le logo Volkswagen brillant renforce la sensation de luxe allemand qui caract\u00e9rise ce mod\u00e8le.<\/p>\n<h3><span style=\"font-size: 14pt;\">Design int\u00e9rieur<\/span><\/h3>\n<p>L&rsquo;int\u00e9rieur accueille les passagers avec un design \u00e9l\u00e9gant et des mat\u00e9riaux luxueux qui refl\u00e8tent la pr\u00e9cision de la fabrication allemande.<\/p>\n<p>L&rsquo;int\u00e9rieur se caract\u00e9rise par des <strong>si\u00e8ges en cuir noir<\/strong> avec des touches d\u00e9coratives grises mates qui conf\u00e8rent \u00e0 la voiture un caract\u00e8re \u00e9l\u00e9gant, tandis que l&rsquo;\u00e9cran tactile central de <strong>10 pouces<\/strong> offre une exp\u00e9rience interactive prenant en charge les syst\u00e8mes <strong>Apple CarPlay<\/strong> et <strong>Android Auto<\/strong>.<\/p>\n<p>La voiture est \u00e9galement \u00e9quip\u00e9e d&rsquo;un syst\u00e8me de climatisation automatique bizone adapt\u00e9 aux climats chauds des \u00c9mirats, offrant un confort complet \u00e0 tous les passagers.<\/p>\n<h3><span style=\"font-size: 14pt;\">Performances de la Volkswagen Lavida Desire 2025<\/span><\/h3>\n<table style=\"width: 45.828%;\">\n<thead>\n<tr>\n<th style=\"width: 45.5252%; text-align: right;\"><strong>Sp\u00e9cification<\/strong><\/th>\n<th style=\"width: 133.28%; text-align: right;\"><strong>D\u00e9tails<\/strong><\/th>\n<\/tr>\n<\/thead>\n<tbody>\n<tr>\n<td style=\"width: 45.5252%; text-align: right;\"><strong>Cylindr\u00e9e<\/strong><\/td>\n<td style=\"width: 133.28%; text-align: right;\">1.5 litre<\/td>\n<\/tr>\n<tr>\n<td style=\"width: 45.5252%; text-align: right;\"><strong>Nombre de cylindres<\/strong><\/td>\n<td style=\"width: 133.28%; text-align: right;\">4 cylindres<\/td>\n<\/tr>\n<tr>\n<td style=\"width: 45.5252%; text-align: right;\"><strong>Type de carburant<\/strong><\/td>\n<td style=\"width: 133.28%; text-align: right;\">Essence<\/td>\n<\/tr>\n<tr>\n<td style=\"width: 45.5252%; text-align: right;\"><strong>Transmission<\/strong><\/td>\n<td style=\"width: 133.28%; text-align: right;\">Automatique<\/td>\n<\/tr>\n<tr>\n<td style=\"width: 45.5252%; text-align: right;\"><strong>Syst\u00e8me d&rsquo;entra\u00eenement<\/strong><\/td>\n<td style=\"width: 133.28%; text-align: right;\">Avant (2WD)<\/td>\n<\/tr>\n<tr>\n<td style=\"width: 45.5252%; text-align: right;\"><strong>Puissance approximative<\/strong><\/td>\n<td style=\"width: 133.28%; text-align: right;\">113 chevaux<\/td>\n<\/tr>\n<tr>\n<td style=\"width: 45.5252%; text-align: right;\"><strong>Couple maximal<\/strong><\/td>\n<td style=\"width: 133.28%; text-align: right;\">145 Newton-m\u00e8tres<\/td>\n<\/tr>\n<\/tbody>\n<\/table>\n<p>Ce moteur offre des performances \u00e9quilibr\u00e9es avec une faible consommation de carburant, ce qui fait de la voiture un choix pratique et \u00e9conomique pour les conducteurs du pays, en particulier pour les d\u00e9placements quotidiens dans les grandes villes comme Duba\u00ef, Abou Dabi et Charjah.<\/p>\n<h3><span style=\"font-size: 14pt;\">Technologies et caract\u00e9ristiques de s\u00e9curit\u00e9<\/span><\/h3>\n<p>La <strong>Volkswagen Lavida Desire 2025<\/strong> est dot\u00e9e d&rsquo;un ensemble de technologies modernes qui am\u00e9liorent l&rsquo;exp\u00e9rience de conduite et offrent les normes de s\u00e9curit\u00e9 les plus \u00e9lev\u00e9es, parmi lesquelles\u00a0:<\/p>\n<ul>\n<li>Syst\u00e8me de freins antiblocage (ABS)<\/li>\n<li>Syst\u00e8me de contr\u00f4le \u00e9lectronique de la stabilit\u00e9 (ESC)<\/li>\n<li>Plusieurs airbags frontaux et lat\u00e9raux<\/li>\n<li>Capteurs avant et arri\u00e8re pour le stationnement<\/li>\n<li>Cam\u00e9ra arri\u00e8re haute r\u00e9solution<\/li>\n<li>Le r\u00e9gulateur de vitesse intelligent<\/li>\n<li>Syst\u00e8me d&rsquo;entr\u00e9e intelligent sans cl\u00e9 avec bouton de d\u00e9marrage<\/li>\n<\/ul>\n<p>Ces caract\u00e9ristiques font de la voiture un choix id\u00e9al pour les petites familles et les personnes qui appr\u00e9cient le confort et la s\u00e9curit\u00e9 dans la conduite quotidienne.<\/p>\n<h3><span style=\"font-size: 14pt;\">Espace int\u00e9rieur et praticit\u00e9<\/span><\/h3>\n<p>La Volkswagen Lavida Desire 2025 offre un espace g\u00e9n\u00e9reux avec cinq si\u00e8ges confortables et un coffre d&rsquo;une capacit\u00e9 de 510 litres, ce qui la rend adapt\u00e9e aux longs trajets et aux d\u00e9placements en ville.<\/p>\n<p>L&rsquo;isolation de l&rsquo;habitacle a \u00e9galement \u00e9t\u00e9 am\u00e9lior\u00e9e pour r\u00e9duire le bruit ext\u00e9rieur, garantissant une exp\u00e9rience de conduite silencieuse et confortable, m\u00eame sur autoroute.<\/p>\n<h3><span style=\"font-size: 14pt;\">Principales caract\u00e9ristiques de la Lavida Desire 2025<\/span><\/h3>\n<ul>\n<li>Design ext\u00e9rieur \u00e9l\u00e9gant en double noir<\/li>\n<li>\u00c9cran de divertissement central haute r\u00e9solution<\/li>\n<li>Syst\u00e8me audio distinctif avec fonction de connexion intelligente<\/li>\n<li>Moteur \u00e9conomique de 1,5 litre<\/li>\n<li>Syst\u00e8me de climatisation bizone<\/li>\n<li>\u00c9quipements de s\u00e9curit\u00e9 avanc\u00e9s pour la protection des passagers<\/li>\n<li>Mat\u00e9riaux luxueux et finitions pr\u00e9cises \u00e0 l&rsquo;int\u00e9rieur de l&rsquo;habitacle<\/li>\n<\/ul>\n<h3><span style=\"font-size: 14pt;\">Impression g\u00e9n\u00e9rale<\/span><\/h3>\n<p>La <strong>Volkswagen Lavida Desire 2025<\/strong> repr\u00e9sente un m\u00e9lange parfait de qualit\u00e9 allemande et d&rsquo;\u00e9l\u00e9gance moderne.<\/p>\n<p>Elle offre non seulement une apparence attrayante et des performances confortables, mais aussi une exp\u00e9rience de conduite int\u00e9gr\u00e9e qui convient au style de vie moderne des \u00c9mirats, avec un rendement \u00e9nerg\u00e9tique \u00e9lev\u00e9 et des caract\u00e9ristiques de s\u00e9curit\u00e9 avanc\u00e9es.<\/p>\n","protected":false},"author":2,"featured_media":26215,"template":"","vehica_6654":[2596],"vehica_6655":[2602],"vehica_6659":[2735],"vehica_6660":[2758],"vehica_6657":[2770],"vehica_6661":[2786],"vehica_6662":[2796],"vehica_6663":[2815],"vehica_12974":[2826],"vehica_6666":[2843],"vehica_12770":[2867],"vehica_6670":[2890,2881,2879,2889,2892,2885,2884,2887,2883,2886,2882,2891,2888],"vehica_12723":[2912,2918,2917,2926,2909,2967,2970,2968,2928,2966,2925,2971,2922,2965],"class_list":["post-26214","vehica_car","type-vehica_car","status-publish","has-post-thumbnail","hentry","vehica_6654-nouveau","vehica_6655-sedan","vehica_6659-volkswagen","vehica_6660-modele-2025","vehica_6657-a-vendre","vehica_6661-fwd","vehica_6662-automatique","vehica_6663-essence","vehica_12974-4-cylinder","vehica_6666-noir","vehica_12770-4-portes","vehica_6670-airbags-lateraux","vehica_6670-bluetooth","vehica_6670-camera-a-360-degres","vehica_6670-camera-de-recul","vehica_6670-controle-de-traction","vehica_6670-phares-a-del","vehica_6670-sans-cle","vehica_6670-siege-a-memoire","vehica_6670-sieges-chauffants","vehica_6670-sieges-en-cuir","vehica_6670-sieges-refroidis","vehica_6670-systeme-audio","vehica_6670-systeme-de-navigation","vehica_12723-appuie-tete-actifs","vehica_12723-assistance-au-freinage","vehica_12723-avertisseur-dangle-mort","vehica_12723-avertisseur-de-collision-avant","vehica_12723-camera-a-360-degres","vehica_12723-camera-arriere","vehica_12723-camera-laterale","vehica_12723-capteurs-de-stationnement-arriere","vehica_12723-capteurs-de-stationnement-avant","vehica_12723-detection-des-pietons","vehica_12723-feux-de-freinage-durgence","vehica_12723-moniteur-a-vision-panoramique","vehica_12723-repartition-electronique-de-la-force-de-freinage","vehica_12723-systemes-daide-au-stationnement"],"vehica_6656":{"vehica_currency_6656_2316":""},"vehica_14696":"","vehica_6664":"","vehica_6665":"","vehica_6671":"","vehica_6673":["https:\/\/fennecmotors.com\/wp-content\/uploads\/2025\/10\/Volkswagen-Lavida-Desire-e1761254185736.webp","https:\/\/fennecmotors.com\/wp-content\/uploads\/2025\/10\/Volkswagen-Lavida-Desire-2025-7-e1761254218787.webp","https:\/\/fennecmotors.com\/wp-content\/uploads\/2025\/10\/Volkswagen-Lavida-Desire-2025-6-e1761254244270.webp","https:\/\/fennecmotors.com\/wp-content\/uploads\/2025\/10\/Volkswagen-Lavida-Desire-2025-5-e1761254272697.webp","https:\/\/fennecmotors.com\/wp-content\/uploads\/2025\/10\/Volkswagen-Lavida-Desire-2025-4-e1761254296169.webp","https:\/\/fennecmotors.com\/wp-content\/uploads\/2025\/10\/Volkswagen-Lavida-Desire-2025-3-e1761254319241.webp","https:\/\/fennecmotors.com\/wp-content\/uploads\/2025\/10\/Volkswagen-Lavida-Desire-2025-2-e1761254347569.webp"],"vehica_6674":{"url":"","embed":""},"vehica_16721":"","vehica_18820":[],"_links":{"self":[{"href":"https:\/\/fennecmotors.com\/fr\/wp-json\/wp\/v2\/cars\/26214","targetHints":{"allow":["GET"]}}],"collection":[{"href":"https:\/\/fennecmotors.com\/fr\/wp-json\/wp\/v2\/cars"}],"about":[{"href":"https:\/\/fennecmotors.com\/fr\/wp-json\/wp\/v2\/types\/vehica_car"}],"author":[{"embeddable":true,"href":"https:\/\/fennecmotors.com\/fr\/wp-json\/wp\/v2\/users\/2"}],"wp:featuredmedia":[{"embeddable":true,"href":"https:\/\/fennecmotors.com\/fr\/wp-json\/wp\/v2\/media\/26215"}],"wp:attachment":[{"href":"https:\/\/fennecmotors.com\/fr\/wp-json\/wp\/v2\/media?parent=26214"}],"wp:term":[{"taxonomy":"vehica_6654","embeddable":true,"href":"https:\/\/fennecmotors.com\/fr\/wp-json\/wp\/v2\/vehica_6654?post=26214"},{"taxonomy":"vehica_6655","embeddable":true,"href":"https:\/\/fennecmotors.com\/fr\/wp-json\/wp\/v2\/vehica_6655?post=26214"},{"taxonomy":"vehica_6659","embeddable":true,"href":"https:\/\/fennecmotors.com\/fr\/wp-json\/wp\/v2\/vehica_6659?post=26214"},{"taxonomy":"vehica_6660","embeddable":true,"href":"https:\/\/fennecmotors.com\/fr\/wp-json\/wp\/v2\/vehica_6660?post=26214"},{"taxonomy":"vehica_6657","embeddable":true,"href":"https:\/\/fennecmotors.com\/fr\/wp-json\/wp\/v2\/vehica_6657?post=26214"},{"taxonomy":"vehica_6661","embeddable":true,"href":"https:\/\/fennecmotors.com\/fr\/wp-json\/wp\/v2\/vehica_6661?post=26214"},{"taxonomy":"vehica_6662","embeddable":true,"href":"https:\/\/fennecmotors.com\/fr\/wp-json\/wp\/v2\/vehica_6662?post=26214"},{"taxonomy":"vehica_6663","embeddable":true,"href":"https:\/\/fennecmotors.com\/fr\/wp-json\/wp\/v2\/vehica_6663?post=26214"},{"taxonomy":"vehica_12974","embeddable":true,"href":"https:\/\/fennecmotors.com\/fr\/wp-json\/wp\/v2\/vehica_12974?post=26214"},{"taxonomy":"vehica_6666","embeddable":true,"href":"https:\/\/fennecmotors.com\/fr\/wp-json\/wp\/v2\/vehica_6666?post=26214"},{"taxonomy":"vehica_12770","embeddable":true,"href":"https:\/\/fennecmotors.com\/fr\/wp-json\/wp\/v2\/vehica_12770?post=26214"},{"taxonomy":"vehica_6670","embeddable":true,"href":"https:\/\/fennecmotors.com\/fr\/wp-json\/wp\/v2\/vehica_6670?post=26214"},{"taxonomy":"vehica_12723","embeddable":true,"href":"https:\/\/fennecmotors.com\/fr\/wp-json\/wp\/v2\/vehica_12723?post=26214"}],"curies":[{"name":"wp","href":"https:\/\/api.w.org\/{rel}","templated":true}]}}